{"id":2436,"date":"2021-09-21T14:21:51","date_gmt":"2021-09-21T12:21:51","guid":{"rendered":"https:\/\/auditor.auditorscensors.com\/documents-i-estudis\/"},"modified":"2025-01-27T12:51:25","modified_gmt":"2025-01-27T10:51:25","slug":"documents-i-estudis","status":"publish","type":"page","link":"https:\/\/auditor.auditorscensors.com\/en\/documents-i-estudis\/","title":{"rendered":"Documents and studies"},"content":{"rendered":"\r\n<h1 class=\"no-margin-top no-margin-bottom wp-block-heading\">Documents and studies<\/h1>\r\n\r\n\r\n<div class=\"wp-block-columns\">\r\n    <div class=\"wp-block-column material has-background is-layout-flow\" style=\"background-color: #f7f7f7; margin-bottom: 20px; justify-content: flex-start;\">\r\n        <h2 class=\"has-text-align-center wp-block-heading\">Quadern T\u00e8cnic 89. Canvia l\u2019auditoria del grup amb la NIA-ES 600 (Revisada)?<\/h2>\r\n        \r\n\r\n        \r\n        <div class=\"wp-block-spacer\" style=\"height: 1px;\" aria-hidden=\"true\">\u00a0<\/div>\r\n        \r\n\r\n        \r\n        <div class=\"wp-block-image\">\r\n            <figure class=\"aligncenter size-full is-resized\"><img decoding=\"async\" loading=\"lazy\" class=\"alignnone wp-image-3130\" src=\"https:\/\/auditor.auditorscensors.com\/wp-content\/uploads\/2025\/01\/QT-89.jpg\" alt=\"\" width=\"297\" height=\"420\" \/><\/figure>\r\n        <\/div>\r\n        \r\n\r\n        \r\n        <div class=\"wp-block-spacer\" style=\"height: 17px;\" aria-hidden=\"true\">\u00a0<\/div>\r\n        \r\n\r\n        \r\n        <p>Si tuvi\u00e9ramos que responder con una sola palabra a la pregunta de si cambia la auditor\u00eda del grupo (o auditor\u00eda de estados financieros de un grupo) con la NIA-ES 600 (Revisada), la respuesta ser\u00eda s\u00ed, aunque sin duda habr\u00eda que matizar la respuesta. Se\u00f1alar en primer lugar que, con la norma revisada, si bien mantiene el n\u00famero de requerimientos en 13, se produce una reorganizaci\u00f3n y cambio de denominaci\u00f3n de los mismos, m\u00e1s acorde con el conjunto de las NIA-ES, aumentan tambi\u00e9n los apartados en cada requerimiento y aumentan de forma significativa los p\u00e1rrafos del material de aplicaci\u00f3n (pasando de 66 a 182), un indicador m\u00e1s de un cierto cambio en el enfoque.<\/p>\r\n        \r\n\r\n\r\n        \r\n        <p><strong><a class=\"ek-link\" href=\"https:\/\/auditor.auditorscensors.com\/wp-content\/uploads\/2025\/01\/Col_legi__CT_NIA_ES600R_rev_COMTEC.pdf\" target=\"_blank\" rel=\"noopener\">Quadern T\u00e8cnic 89- PDF (763KB)<\/a><\/strong><\/p>\r\n        \r\n\r\n        \r\n        <p class=\"button-link\"><a class=\"ek-link\" href=\"https:\/\/auditor.auditorscensors.com\/wp-content\/uploads\/2023\/03\/Blog-Auditor-short-version.pdf\" target=\"_blank\" rel=\"noopener\">Descarrega<\/a><\/p>\r\n        \r\n    <\/div>\r\n    \r\n\r\n    <div class=\"wp-block-column material has-background\" style=\"background-color: #f7f7f7; margin-bottom: 20px; justify-content: flex-start;\">\r\n        <h2 class=\"has-text-align-center wp-block-heading\">Guia llenguatge inclusiu i no sexista<\/h2>\r\n        \r\n\r\n        \r\n        <div class=\"wp-block-spacer\" style=\"height: 1px;\" aria-hidden=\"true\">\u00a0<\/div>\r\n        \r\n\r\n        \r\n        <div class=\"wp-block-image\">\r\n            <figure class=\"aligncenter size-full is-resized\"><img decoding=\"async\" loading=\"lazy\" class=\"alignnone wp-image-3130\" src=\"https:\/\/auditor.auditorscensors.com\/wp-content\/uploads\/2024\/07\/Portada-Guia-llenguatge-inclusiu.png\" alt=\"\" width=\"297\" height=\"420\" \/><\/figure>\r\n        <\/div>\r\n        \r\n\r\n        \r\n        <div class=\"wp-block-spacer\" style=\"height: 17px;\" aria-hidden=\"true\">\u00a0<\/div>\r\n        \r\n\r\n        \r\n        <p>El comprom\u00eds del Col\u00b7legi de Censors Jurats de Comptes de Catalunya amb la no discriminaci\u00f3 i la igualtat d&#8217;oportunitats entre dones i homes es manifesta amb la creaci\u00f3 d&#8217;aquesta guia, elaborada per la Comissi\u00f3 d&#8217;Equitat de G\u00e8nere i el personal del Col\u00b7legi.<\/p>\r\n        \r\n\r\n        \r\n        <p><strong><a class=\"ek-link\" href=\"https:\/\/auditor.auditorscensors.com\/wp-content\/uploads\/2024\/07\/Guia-llenguatge-inclusiu.pdf\" target=\"_blank\" rel=\"noopener\">Guia Llenguatge inclusiu i no sexista PDF (1,9Mb)<\/a><\/strong><\/p>\r\n        \r\n\r\n        \r\n        <p class=\"button-link\"><a class=\"ek-link\" href=\"https:\/\/auditor.auditorscensors.com\/wp-content\/uploads\/2024\/07\/Guia-llenguatge-inclusiu.pdf\" target=\"_blank\" rel=\"noopener\">Descarrega<\/a><\/p>\r\n        \r\n    <\/div>\r\n    <!-- \/wp:column -->\r\n\r\n<\/div>\r\n<!-- \/wp:columns -->\r\n\r\n\r\n<div class=\"wp-block-columns\"><!-- wp:column {\"style\":{\"color\":{\"background\":\"#f7f7f7\"}},\"className\":\"material\"} -->\r\n\r\n    <!-- wp:column {\"style\":{\"color\":{\"background\":\"#f7f7f7\"}},\"className\":\"material\"} -->\r\n    <div class=\"wp-block-column material has-background\" style=\"background-color: #f7f7f7; margin-bottom: 20px; justify-content: flex-start;\"><!-- wp:heading {\"textAlign\":\"center\"} -->\r\n        <h2 class=\"has-text-align-center\">Recopilatori d\u2019articles del Blog de l\u2019Auditor<\/h2>\r\n        <!-- \/wp:heading -->\r\n\r\n        <!-- wp:spacer {\"height\":1} -->\r\n        <div class=\"wp-block-spacer\" style=\"height: 1px;\" aria-hidden=\"true\">\u00a0<\/div>\r\n        <!-- \/wp:spacer -->\r\n\r\n        <!-- wp:image {\"align\":\"center\",\"id\":2746,\"width\":297,\"sizeSlug\":\"full\",\"linkDestination\":\"custom\"} -->\r\n        <div class=\"wp-block-image\">\r\n            <figure class=\"aligncenter size-full is-resized\"><img decoding=\"async\" class=\"wp-image-2746\" src=\"https:\/\/auditor.auditorscensors.com\/wp-content\/uploads\/2023\/03\/Blog-auditor.jpg\" alt=\"\" width=\"297\" srcset=\"https:\/\/auditor.auditorscensors.com\/wp-content\/uploads\/2023\/03\/Blog-auditor.jpg 597w, https:\/\/auditor.auditorscensors.com\/wp-content\/uploads\/2023\/03\/Blog-auditor-214x300.jpg 214w\" sizes=\"(max-width: 597px) 100vw, 597px\" \/><\/figure>\r\n        <\/div>\r\n        <!-- \/wp:image -->\r\n\r\n        <!-- wp:spacer {\"height\":17} -->\r\n        <div class=\"wp-block-spacer\" style=\"height: 17px;\" aria-hidden=\"true\">\u00a0<\/div>\r\n        <!-- \/wp:spacer -->\r\n\r\n        <!-- wp:paragraph -->\r\n        <p>Amb motiu del primer aniversari del Blog de l&#8217;Auditor hem elaborat un recopilatori dels articles publicats durant aquest primer any de vida. Al nostre Blog de l&#8217;Auditor podeu trobar els \u00faltims articles\u00a0d&#8217;actualitat\u00a0sobre tem\u00e0tiques diverses,\u00a0publicacions\u00a0en premsa i molt m\u00e9s contingut d&#8217;inter\u00e8s per a la professi\u00f3.<\/p>\r\n        <!-- \/wp:paragraph -->\r\n\r\n        <!-- wp:paragraph -->\r\n        <p><strong><a class=\"ek-link\" href=\"https:\/\/auditor.auditorscensors.com\/wp-content\/uploads\/2023\/03\/Blog-Auditor-long-version.pdf\" target=\"_blank\" rel=\"noopener\">Versi\u00f3 Imprimible &#8211; PDF (11,5Mb)<\/a><\/strong><\/p>\r\n        <!-- \/wp:paragraph -->\r\n\r\n        <!-- wp:paragraph {\"className\":\"button-link\"} -->\r\n        <p class=\"button-link\"><a class=\"ek-link\" href=\"https:\/\/auditor.auditorscensors.com\/wp-content\/uploads\/2023\/03\/Blog-Auditor-long-version.pdf\" target=\"_blank\" rel=\"noopener\">Descarrega<\/a><\/p>\r\n        <!-- \/wp:paragraph -->\r\n\r\n        <!-- wp:paragraph -->\r\n        <p><a class=\"ek-link\" href=\"https:\/\/auditor.auditorscensors.com\/wp-content\/uploads\/2023\/03\/Blog-Auditor-short-version.pdf\" target=\"_blank\" rel=\"noopener\"><strong>Versi\u00f3 Digital &#8211; PDF (10,2Mb)<\/strong><\/a><\/p>\r\n        <!-- \/wp:paragraph -->\r\n\r\n        <!-- wp:paragraph {\"className\":\"button-link\"} -->\r\n        <p class=\"button-link\"><a class=\"ek-link\" href=\"https:\/\/auditor.auditorscensors.com\/wp-content\/uploads\/2023\/03\/Blog-Auditor-short-version.pdf\" target=\"_blank\" rel=\"noopener\">Descarrega<\/a><\/p>\r\n        <!-- \/wp:paragraph -->\r\n    <\/div>\r\n    <!-- \/wp:column -->\r\n\r\n    <div class=\"wp-block-column material has-background\" style=\"background-color: #f7f7f7; margin-bottom: 20px; justify-content: flex-start;\"><!-- wp:heading {\"textAlign\":\"center\"} -->\r\n        <h2 class=\"has-text-align-center\">Aspectos b\u00e1sicos en materia de precios de transferencia<\/h2>\r\n        <!-- \/wp:heading -->\r\n\r\n        <!-- wp:spacer {\"height\":1} -->\r\n        <div class=\"wp-block-spacer\" style=\"height: 1px;\" aria-hidden=\"true\">\u00a0<\/div>\r\n        <!-- \/wp:spacer -->\r\n\r\n        <!-- wp:image {\"align\":\"center\",\"id\":2624,\"width\":297,\"sizeSlug\":\"full\",\"linkDestination\":\"custom\"} -->\r\n        <div class=\"wp-block-image\">\r\n            <figure class=\"aligncenter size-full is-resized\"><img decoding=\"async\" class=\"wp-image-2624\" src=\"https:\/\/auditor.auditorscensors.com\/wp-content\/uploads\/2022\/12\/QT85.png\" alt=\"\" width=\"297\" srcset=\"https:\/\/auditor.auditorscensors.com\/wp-content\/uploads\/2022\/12\/QT85.png 594w, https:\/\/auditor.auditorscensors.com\/wp-content\/uploads\/2022\/12\/QT85-213x300.png 213w\" sizes=\"(max-width: 594px) 100vw, 594px\" \/><\/figure>\r\n        <\/div>\r\n        <!-- \/wp:image -->\r\n\r\n        <!-- wp:spacer {\"height\":17} -->\r\n        <div class=\"wp-block-spacer\" style=\"height: 17px;\" aria-hidden=\"true\">\u00a0<\/div>\r\n        <!-- \/wp:spacer -->\r\n\r\n        <!-- wp:paragraph -->\r\n        <p>Tant per la rellev\u00e0ncia que en determinades auditories pot tenir l\u2019an\u00e0lisi de les transaccions amb parts vinculades com per la pr\u00f2pia complexitat que en determinats casos pot suposar determinar el valor raonable o preu de transfer\u00e8ncia creiem que justifiquen la publicaci\u00f3 d\u2019aquest quadern t\u00e8cnic, en el qual s\u2019expliquen els aspectes fiscals b\u00e0sics en aquesta mat\u00e8ria.<\/p>\r\n        <!-- \/wp:paragraph -->\r\n\r\n        <!-- wp:paragraph -->\r\n        <p>L\u2019objectiu que persegueix el quadern \u00e9s servir d\u2019ajuda als auditors de comptes \u2013no experts en aquesta tem\u00e0tica fiscal\u2013 per a con\u00e8ixer les directrius i normativa de refer\u00e8ncia, poder avaluar en el seus clients quina documentaci\u00f3 cal requerir-li i planificar els procediments a aplicar (incloent-hi si cal fer servir els serveis d\u2019un expert en la mat\u00e8ria) per poder avaluar, en el context de l\u2019auditoria de comptes, la raonabilitat de les operacions amb parts vinculades.<\/p>\r\n        <!-- \/wp:paragraph -->\r\n\r\n        <!-- wp:paragraph -->\r\n        <p><strong><a class=\"ek-link\" href=\"https:\/\/www.auditorscensors.com\/uploads\/20221219\/QT_85.pdf\" target=\"_blank\" rel=\"noreferrer noopener\">Quadern T\u00e8cnic 85- <em>PDF (988KB)<\/em><\/a><\/strong><\/p>\r\n        <!-- \/wp:paragraph -->\r\n\r\n        <!-- wp:paragraph {\"className\":\"button-link\"} -->\r\n        <p class=\"button-link\"><a class=\"ek-link\" href=\"https:\/\/www.auditorscensors.com\/uploads\/20221219\/QT_85.pdf\" target=\"_blank\" rel=\"noopener\">Descarrega<\/a><\/p>\r\n        <!-- \/wp:paragraph -->\r\n    <\/div>\r\n    <!-- \/wp:column -->\r\n\r\n\r\n<\/div>\r\n<!-- \/wp:columns -->\r\n\r\n<!-- wp:columns -->\r\n<div class=\"wp-block-columns\"><!-- wp:column {\"style\":{\"color\":{\"background\":\"#f7f7f7\"}},\"className\":\"material\"} -->\r\n\r\n    <!-- wp:column {\"style\":{\"color\":{\"background\":\"#f7f7f7\"}},\"className\":\"material\"} -->\r\n    <div class=\"wp-block-column material has-background\" style=\"background-color: #f7f7f7; margin-bottom: 20px; justify-content: flex-start;\"><!-- wp:heading {\"textAlign\":\"center\"} -->\r\n        <h2 class=\"has-text-align-center\">Estructura y contenido del informe de auditor\u00eda<\/h2>\r\n        <!-- \/wp:heading -->\r\n\r\n        <!-- wp:image {\"align\":\"center\",\"id\":2425,\"width\":297,\"height\":418,\"sizeSlug\":\"full\",\"linkDestination\":\"custom\"} -->\r\n        <div class=\"wp-block-image\">\r\n            <figure class=\"aligncenter size-full is-resized\"><img decoding=\"async\" loading=\"lazy\" class=\"wp-image-2425\" src=\"https:\/\/auditor.auditorscensors.com\/wp-content\/uploads\/2022\/06\/estructura-contenido-informe-auditoria-1.jpg\" alt=\"\" width=\"297\" height=\"418\" srcset=\"https:\/\/auditor.auditorscensors.com\/wp-content\/uploads\/2022\/06\/estructura-contenido-informe-auditoria-1.jpg 594w, https:\/\/auditor.auditorscensors.com\/wp-content\/uploads\/2022\/06\/estructura-contenido-informe-auditoria-1-213x300.jpg 213w\" sizes=\"(max-width: 297px) 100vw, 297px\" \/><\/figure>\r\n        <\/div>\r\n        <!-- \/wp:image -->\r\n\r\n        <!-- wp:spacer {\"height\":17} -->\r\n        <div class=\"wp-block-spacer\" style=\"height: 17px;\" aria-hidden=\"true\">\u00a0<\/div>\r\n        <!-- \/wp:spacer -->\r\n\r\n        <!-- wp:paragraph -->\r\n        <p>El objetivo de una auditor\u00eda es aumentar el grado de confianza de los usuarios en los estados financieros. Esto se logra mediante la expresi\u00f3n, por parte del auditor, de una opini\u00f3n sobre si los estados financieros han sido preparados, en todos los aspectos materiales, de conformidad con un marco de informaci\u00f3n financiera aplicable. En la mayor\u00eda de los marcos de informaci\u00f3n con fines generales, dicha opini\u00f3n se refiere a si los estados financieros expresan la imagen fiel o se presentan fielmente, en todos los aspectos materiales, de conformidad con el marco normativo aplicable.<\/p>\r\n        <!-- \/wp:paragraph -->\r\n\r\n        <!-- wp:paragraph -->\r\n        <p><a class=\"ek-link\" href=\"https:\/\/auditor.auditorscensors.com\/wp-content\/uploads\/2022\/06\/Estructura-y-contenido-Informe-de-Auditoria.pdf\" target=\"_blank\" rel=\"noopener\"><strong>Estructura y contenido del informe de auditor\u00eda<\/strong><\/a><strong><a class=\"ek-link\" href=\"https:\/\/auditor.auditorscensors.com\/wp-content\/uploads\/2022\/06\/65_COL_Informe_Catedra_Mango_A4_20220601.pdf\" target=\"_blank\" rel=\"noopener\"><em> &#8211; PDF (322KB)<\/em><\/a><\/strong><\/p>\r\n        <!-- \/wp:paragraph -->\r\n\r\n        <!-- wp:paragraph {\"className\":\"button-link\"} -->\r\n        <p class=\"button-link\"><a class=\"ek-link\" href=\"https:\/\/auditor.auditorscensors.com\/wp-content\/uploads\/2022\/06\/Estructura-y-contenido-Informe-de-Auditoria.pdf\" target=\"_blank\" rel=\"noopener\">Descarrega<\/a><\/p>\r\n        <!-- \/wp:paragraph -->\r\n    <\/div>\r\n    <!-- \/wp:column -->\r\n\r\n    <div class=\"wp-block-column material has-background\" style=\"background-color: #f7f7f7; margin-bottom: 20px; justify-content: flex-start;\"><!-- wp:heading {\"textAlign\":\"center\"} -->\r\n        <h2 class=\"has-text-align-center\">Las tendencias en los estados de informaci\u00f3n no financiera<\/h2>\r\n        <!-- \/wp:heading -->\r\n\r\n        <!-- wp:spacer {\"height\":1} -->\r\n        <div class=\"wp-block-spacer\" style=\"height: 1px;\" aria-hidden=\"true\">\u00a0<\/div>\r\n        <!-- \/wp:spacer -->\r\n\r\n        <!-- wp:image {\"align\":\"center\",\"id\":2624,\"width\":297,\"sizeSlug\":\"full\",\"linkDestination\":\"custom\"} -->\r\n        <div class=\"wp-block-image\">\r\n            <figure class=\"aligncenter size-full is-resized\"><img decoding=\"async\" class=\"wp-image-2624\" src=\"https:\/\/auditor.auditorscensors.com\/wp-content\/uploads\/2022\/06\/Tendencias-estados-INF.jpg\" alt=\"\" width=\"297\" \/><\/figure>\r\n        <\/div>\r\n        <!-- \/wp:image -->\r\n\r\n        <!-- wp:spacer {\"height\":17} -->\r\n        <div class=\"wp-block-spacer\" style=\"height: 17px;\" aria-hidden=\"true\">\u00a0<\/div>\r\n        <!-- \/wp:spacer -->\r\n\r\n        <!-- wp:paragraph -->\r\n        <p>El presente estudio se centra en analizar los estados de informaci\u00f3n no financiera presentados con respecto al ejercicio del 2020 de las empreses cotizadas en el mercado continuo en 2020, para identificar las tendencias seguidas en el formato, verificaci\u00f3n y presentaci\u00f3n de determinados contenidos de los informes. De las 129 empreses cotizadas, 91 compa\u00f1\u00edas presentan un estado de informaci\u00f3n no financiera (EINF) de acuerdo con la Ley 11\/2018. Se realiza un an\u00e1lisis de contenido riguroso de estos EINF con base en unos criterios de codificaci\u00f3n transparentes, para examinar el formato del EINF, el marco de <em>reporting<\/em> utilizado, el proceso de verificaci\u00f3n, la contribuci\u00f3n a los Objetivos de Desarrollo Sostenible, la informaci\u00f3n sobre la brecha salarial y la informaci\u00f3n sobre la supervisi\u00f3n y auditor\u00edas en la cadena de suministro.<\/p>\r\n        <!-- \/wp:paragraph -->\r\n\r\n        <!-- wp:paragraph -->\r\n        <p><strong><a class=\"ek-link\" href=\"https:\/\/auditor.auditorscensors.com\/wp-content\/uploads\/2022\/06\/65_COL_Informe_Catedra_Mango_A4_20220601.pdf\" target=\"_blank\" rel=\"noreferrer noopener\">Las tendencias en los estados de informaci\u00f3n no financiera<\/a><\/strong> &#8211; <em>PDF (217KB)<\/em><\/p>\r\n        <!-- \/wp:paragraph -->\r\n\r\n        <!-- wp:paragraph {\"className\":\"button-link\"} -->\r\n        <p class=\"button-link\"><a class=\"ek-link\" href=\"https:\/\/auditor.auditorscensors.com\/wp-content\/uploads\/2022\/06\/65_COL_Informe_Catedra_Mango_A4_20220601.pdf\" target=\"_blank\" rel=\"noopener\">Descarrega<\/a><\/p>\r\n        <!-- \/wp:paragraph -->\r\n    <\/div>\r\n    <!-- \/wp:column -->\r\n\r\n<\/div>\r\n<!-- \/wp:columns -->\r\n\r\n<!-- wp:columns -->\r\n<div class=\"wp-block-columns\"><!-- wp:column {\"style\":{\"color\":{\"background\":\"#f7f7f7\"}},\"className\":\"material\"} -->\r\n\r\n    <!-- wp:column {\"style\":{\"color\":{\"background\":\"#f7f7f7\"}},\"className\":\"material\"} -->\r\n    <div class=\"wp-block-column material has-background\" style=\"background-color: #f7f7f7; margin-bottom: 20px; justify-content: flex-start;\"><!-- wp:heading {\"textAlign\":\"center\"} -->\r\n        <h2 class=\"has-text-align-center\">Dec\u00e0leg per l&#8217;equitat de g\u00e8nere en l&#8217;\u00e0mbit del CCJCC<\/h2>\r\n        <!-- \/wp:heading -->\r\n\r\n        <!-- wp:image {\"align\":\"center\",\"id\":2425,\"width\":297,\"height\":418,\"sizeSlug\":\"full\",\"linkDestination\":\"custom\"} -->\r\n        <div class=\"wp-block-image\">\r\n            <figure class=\"aligncenter size-full is-resized\"><img decoding=\"async\" loading=\"lazy\" class=\"wp-image-2425\" src=\"https:\/\/auditor.auditorscensors.com\/wp-content\/uploads\/2024\/08\/decalogo_equidad_genero_catalunya.png\" alt=\"\" width=\"297\" height=\"418\" \/><\/figure>\r\n        <\/div>\r\n        <!-- \/wp:image -->\r\n\r\n        <!-- wp:spacer {\"height\":17} -->\r\n        <div class=\"wp-block-spacer\" style=\"height: 17px;\" aria-hidden=\"true\">\u00a0<\/div>\r\n        <!-- \/wp:spacer -->\r\n\r\n        <!-- wp:paragraph -->\r\n        <p>Aquest dec\u00e0leg t\u00e9 com a objectius, l&#8217;adhesi\u00f3\u00a0per part de les societats\u00a0d\u2019auditoria\u00a0i els membres del Col\u00b7legi en les seves organitzacions professionals, i que sigui un full de ruta obert que s&#8217;incorpori i es desenvolupi dintre de l\u2019\u00e0mbit\u00a0professional com a element transformador, vers una vida professional que defensi i valori la inestimable aportaci\u00f3 de les dones.<\/p>\r\n        <!-- \/wp:paragraph -->\r\n\r\n        <!-- wp:paragraph -->\r\n        <p><a class=\"ek-link\" href=\"https:\/\/www.auditorscensors.com\/uploads\/20230307\/decalogo_equidad_genero_catalunya.pdf\" target=\"_blank\" rel=\"noopener\"><strong>Dec\u00e0leg per l&#8217;equitat de g\u00e8nere en l&#8217;\u00e0mbit del CCJCC<\/strong><\/a><strong><a class=\"ek-link\" href=\"https:\/\/www.auditorscensors.com\/uploads\/20230307\/decalogo_equidad_genero_catalunya.pdf\" target=\"_blank\" rel=\"noopener\"><em> &#8211; PDF (322KB)<\/em><\/a><\/strong><\/p>\r\n        <!-- \/wp:paragraph -->\r\n\r\n        <!-- wp:paragraph {\"className\":\"button-link\"} -->\r\n        <p class=\"button-link\"><a class=\"ek-link\" href=\"https:\/\/www.auditorscensors.com\/uploads\/20230307\/decalogo_equidad_genero_catalunya.pdf\" target=\"_blank\" rel=\"noopener\">Descarrega<\/a><\/p>\r\n        <!-- \/wp:paragraph -->\r\n    <\/div>\r\n    <!-- \/wp:column -->\r\n\r\n    <div class=\"wp-block-column material has-background\" style=\"background-color: #f7f7f7; margin-bottom: 20px; justify-content: flex-start;\"><!-- wp:heading {\"textAlign\":\"center\"} -->\r\n        <h2 class=\"has-text-align-center\">No-n\u00fameros que creen valor<\/h2>\r\n        <!-- \/wp:heading -->\r\n\r\n        <!-- wp:spacer {\"height\":1} -->\r\n        <div class=\"wp-block-spacer\" style=\"height: 1px;\" aria-hidden=\"true\">\u00a0<\/div>\r\n        <!-- \/wp:spacer -->\r\n\r\n        <!-- wp:image {\"align\":\"center\",\"id\":2624,\"width\":297,\"sizeSlug\":\"full\",\"linkDestination\":\"custom\"} -->\r\n        <div class=\"wp-block-image\">\r\n            <figure class=\"aligncenter size-full is-resized\"><img decoding=\"async\" class=\"wp-image-2624\" src=\"https:\/\/auditor.auditorscensors.com\/wp-content\/uploads\/2021\/10\/portada1.jpg\" alt=\"\" width=\"297\" \/><\/figure>\r\n        <\/div>\r\n        <!-- \/wp:image -->\r\n\r\n        <!-- wp:spacer {\"height\":17} -->\r\n        <div class=\"wp-block-spacer\" style=\"height: 17px;\" aria-hidden=\"true\">\u00a0<\/div>\r\n        <!-- \/wp:spacer -->\r\n\r\n        <!-- wp:paragraph -->\r\n        <p>La informaci\u00f3 no financera permet disposar d\u2019una imatge m\u00e9s fidel de l\u2019organitzaci\u00f3, la qual cosa ens fa comprendre millor els riscos i les oportunitats. Aquesta guia recull qu\u00e8 \u00e9s la responsabilitat social empresarial i com es gestiona. Tot i que es basa en la necessitat d\u2019esdevenir organitzacions confiables per afrontar els immensos desequilibris que presenten les societats i el planeta.<\/p>\r\n        <!-- \/wp:paragraph -->\r\n\r\n        <!-- wp:paragraph -->\r\n        <p><strong><a class=\"ek-link\" href=\"https:\/\/auditor.auditorscensors.com\/wp-content\/uploads\/2022\/04\/Guia_No_numeros_que_creen_valor.pdf\" target=\"_blank\" rel=\"noreferrer noopener\">Guia No-n\u00fameros que creen valor- <em>PDF (988KB)<\/em><\/a><\/strong><\/p>\r\n        <!-- \/wp:paragraph -->\r\n\r\n        <!-- wp:paragraph {\"className\":\"button-link\"} -->\r\n        <p class=\"button-link\"><a class=\"ek-link\" href=\"https:\/\/auditor.auditorscensors.com\/wp-content\/uploads\/2022\/04\/Guia_No_numeros_que_creen_valor.pdf\" target=\"_blank\" rel=\"noopener\">Descarrega<\/a><\/p>\r\n        <!-- \/wp:paragraph -->\r\n    <\/div>\r\n    <!-- \/wp:column -->\r\n\r\n<\/div>\r\n<!-- \/wp:columns -->\r\n\r\n<!-- wp:columns -->\r\n<div class=\"wp-block-columns\"><!-- wp:column {\"style\":{\"color\":{\"background\":\"#f7f7f7\"}},\"className\":\"material\"} -->\r\n\r\n\r\n    <!-- wp:column {\"style\":{\"color\":{\"background\":\"#f7f7f7\"}},\"className\":\"material\"} -->\r\n    <div class=\"wp-block-column material has-background\" style=\"background-color: #f7f7f7; margin-bottom: 20px; justify-content: flex-start;\"><!-- wp:heading {\"textAlign\":\"center\"} -->\r\n        <h2 class=\"has-text-align-center\">Guia per a la gesti\u00f3 de firmes petites i mitjanes<\/h2>\r\n        <!-- \/wp:heading -->\r\n\r\n        <!-- wp:image {\"align\":\"center\",\"id\":2425,\"width\":297,\"height\":418,\"sizeSlug\":\"full\",\"linkDestination\":\"custom\"} -->\r\n        <div class=\"wp-block-image\">\r\n            <figure class=\"aligncenter size-full is-resized\"><img decoding=\"async\" loading=\"lazy\" class=\"wp-image-2425\" src=\"https:\/\/auditor.auditorscensors.com\/wp-content\/uploads\/2021\/11\/guia-gestio-firmes.jpg\" alt=\"\" width=\"297\" height=\"418\" \/><\/figure>\r\n        <\/div>\r\n        <!-- \/wp:image -->\r\n\r\n        <!-- wp:spacer {\"height\":17} -->\r\n        <div class=\"wp-block-spacer\" style=\"height: 17px;\" aria-hidden=\"true\">\u00a0<\/div>\r\n        <!-- \/wp:spacer -->\r\n\r\n        <!-- wp:paragraph -->\r\n        <p>La missi\u00f3 de la International Federation of Accountants\u00a0(IFAC) amb aquesta guia per a la Gesti\u00f3 de firmes petites i mitjanes \u00e9s la de servir l\u2019inter\u00e8s p\u00fablic mitjan\u00e7ant: la contribuci\u00f3 al desenvolupament d\u2019est\u00e0ndards d\u2019alta qualitat i guies; facilitant l\u2019adopci\u00f3 i la implementaci\u00f3 d\u2019est\u00e0ndards d\u2019alta qualitat i guies; contribuint al desenvolupament d&#8217;organitzacions\u00a0influents\u00a0de professionals comptables i auditors,\u00a0de firmes d&#8217;alta qualitat de professionals comptables i posant en valor els professionals de la comptabilitat arreu del m\u00f3n; i afavorint el debat sobre un tema d\u2019inter\u00e8s p\u00fablic.<\/p>\r\n        <!-- \/wp:paragraph -->\r\n\r\n        <!-- wp:paragraph -->\r\n        <p><a class=\"ek-link\" href=\"https:\/\/auditor.auditorscensors.com\/wp-content\/uploads\/2021\/11\/23_3_17_MnIdul_1_2_i_3_i_annexes_tradun_t_catala.0.pdf\" target=\"_blank\" rel=\"noopener\"><strong>Guia per a la gesti\u00f3 de firmes petites i mitjanes<\/strong><\/a><strong><a class=\"ek-link\" href=\"https:\/\/auditor.auditorscensors.com\/wp-content\/uploads\/2021\/11\/23_3_17_MnIdul_1_2_i_3_i_annexes_tradun_t_catala.0.pdf\" target=\"_blank\" rel=\"noopener\"><em> &#8211; PDF (322KB)<\/em><\/a><\/strong><\/p>\r\n        <!-- \/wp:paragraph -->\r\n\r\n        <!-- wp:paragraph {\"className\":\"button-link\"} -->\r\n        <p class=\"button-link\"><a class=\"ek-link\" href=\"https:\/\/auditor.auditorscensors.com\/wp-content\/uploads\/2021\/11\/23_3_17_MnIdul_1_2_i_3_i_annexes_tradun_t_catala.0.pdf\" target=\"_blank\" rel=\"noopener\">Descarrega<\/a><\/p>\r\n        <!-- \/wp:paragraph -->\r\n    <\/div>\r\n    <!-- \/wp:column -->\r\n\r\n    <div class=\"wp-block-column material has-background\" style=\"background-color: #f7f7f7; margin-bottom: 20px; justify-content: flex-start;\"><!-- wp:heading {\"textAlign\":\"center\"} -->\r\n        <h2 class=\"has-text-align-center\">\u00c9s l&#8217;auditoria una professi\u00f3 de futur per a les dones?<\/h2>\r\n        <!-- \/wp:heading -->\r\n\r\n        <!-- wp:spacer {\"height\":1} -->\r\n        <div class=\"wp-block-spacer\" style=\"height: 1px;\" aria-hidden=\"true\">\u00a0<\/div>\r\n        <!-- \/wp:spacer -->\r\n\r\n        <!-- wp:image {\"align\":\"center\",\"id\":2624,\"width\":297,\"sizeSlug\":\"full\",\"linkDestination\":\"custom\"} -->\r\n        <div class=\"wp-block-image\">\r\n            <figure class=\"aligncenter size-full is-resized\"><img decoding=\"async\" class=\"wp-image-2624\" src=\"https:\/\/auditor.auditorscensors.com\/wp-content\/uploads\/2021\/11\/INFORME_DONES_AUDITORES_DOC_FINAL_AIDA.jpg\" alt=\"\" width=\"297\" \/><\/figure>\r\n        <\/div>\r\n        <!-- \/wp:image -->\r\n\r\n        <!-- wp:spacer {\"height\":17} -->\r\n        <div class=\"wp-block-spacer\" style=\"height: 17px;\" aria-hidden=\"true\">\u00a0<\/div>\r\n        <!-- \/wp:spacer -->\r\n\r\n        <!-- wp:paragraph -->\r\n        <p>Per qu\u00e8 hi ha sis vegades m\u00e9s homes col\u00b7legiats al Col\u00b7legi de Censors Jurats de Comptes de Catalunya (CCJCC) que dones? Hi ha un moment en qu\u00e8 les dones auditores abandonen la seva carrera professional? Quines s\u00f3n les raons per les quals les firmes d\u2019auditoria no poden retenir el talent femen\u00ed fins a la categoria de S\u00f2cia? L\u2019objectiu d\u2019aquest estudi \u00e9s analitzar la pres\u00e8ncia de les dones en els diferents nivells professionals de les firmes d\u2019auditoria i identificar els motius que expliquen l\u2019abandonament de la dona de la professi\u00f3 d\u2019auditoria.<\/p>\r\n        <!-- \/wp:paragraph -->\r\n\r\n        <!-- wp:paragraph -->\r\n        <p><strong><a class=\"ek-link\" href=\"https:\/\/auditor.auditorscensors.com\/wp-content\/uploads\/2021\/11\/INFORME_DONES_AUDITORES_DOC_FINAL_AIDA_24.01.2021-2.pdf\" target=\"_blank\" rel=\"noreferrer noopener\">\u00c9s l&#8217;auditoria una professi\u00f3 de futur per a les dones?- <em>PDF (988KB)<\/em><\/a><\/strong><\/p>\r\n        <!-- \/wp:paragraph -->\r\n\r\n        <!-- wp:paragraph {\"className\":\"button-link\"} -->\r\n        <p class=\"button-link\"><a class=\"ek-link\" href=\"https:\/\/auditor.auditorscensors.com\/wp-content\/uploads\/2021\/11\/INFORME_DONES_AUDITORES_DOC_FINAL_AIDA_24.01.2021-2.pdf\" target=\"_blank\" rel=\"noopener\">Descarrega<\/a><\/p>\r\n        <!-- \/wp:paragraph -->\r\n    <\/div>\r\n    <!-- \/wp:column -->\r\n\r\n<\/div>\r\n<!-- \/wp:columns -->","protected":false},"excerpt":{"rendered":"<p>Documents and studies Quadern T\u00e8cnic 89. Canvia l\u2019auditoria del grup amb la NIA-ES 600 (Revisada)? Si [&hellip;]<\/p>\n","protected":false},"author":1,"featured_media":0,"parent":0,"menu_order":0,"comment_status":"closed","ping_status":"closed","template":"","meta":{"advgb_blocks_editor_width":"","advgb_blocks_columns_visual_guide":"","_editorskit_title_hidden":false,"_editorskit_reading_time":3,"_editorskit_typography_data":[],"_editorskit_blocks_typography":"","_editorskit_is_block_options_detached":false,"_editorskit_block_options_position":"{}"},"coauthors":[],"author_meta":{"author_link":"https:\/\/auditor.auditorscensors.com\/en\/author\/doc_auditorscensors\/","display_name":"doc_auditorscensors"},"relative_dates":{"created":"Posted 5 years ago","modified":"Updated 1 year ago"},"absolute_dates":{"created":"Posted on 21 de September de 2021","modified":"Updated on 27 de January de 2025"},"absolute_dates_time":{"created":"Posted on 21 de September de 2021 14:21","modified":"Updated on 27 de January de 2025 12:51"},"featured_img_caption":"","_links":{"self":[{"href":"https:\/\/auditor.auditorscensors.com\/en\/wp-json\/wp\/v2\/pages\/2436"}],"collection":[{"href":"https:\/\/auditor.auditorscensors.com\/en\/wp-json\/wp\/v2\/pages"}],"about":[{"href":"https:\/\/auditor.auditorscensors.com\/en\/wp-json\/wp\/v2\/types\/page"}],"author":[{"embeddable":true,"href":"https:\/\/auditor.auditorscensors.com\/en\/wp-json\/wp\/v2\/users\/1"}],"replies":[{"embeddable":true,"href":"https:\/\/auditor.auditorscensors.com\/en\/wp-json\/wp\/v2\/comments?post=2436"}],"version-history":[{"count":8,"href":"https:\/\/auditor.auditorscensors.com\/en\/wp-json\/wp\/v2\/pages\/2436\/revisions"}],"predecessor-version":[{"id":3294,"href":"https:\/\/auditor.auditorscensors.com\/en\/wp-json\/wp\/v2\/pages\/2436\/revisions\/3294"}],"wp:attachment":[{"href":"https:\/\/auditor.auditorscensors.com\/en\/wp-json\/wp\/v2\/media?parent=2436"}],"curies":[{"name":"wp","href":"https:\/\/api.w.org\/{rel}","templated":true}]}}